{"id":6467,"date":"2021-10-04T11:51:58","date_gmt":"2021-10-04T14:51:58","guid":{"rendered":"https:\/\/museocaraffa.org.ar\/coleccion\/?page_id=6467"},"modified":"2024-07-04T15:04:54","modified_gmt":"2024-07-04T18:04:54","slug":"inicio-mf","status":"publish","type":"page","link":"https:\/\/museocaraffa.org.ar\/coleccion\/","title":{"rendered":""},"content":{"rendered":"\n<div class=\"wp-block-columns\">\n<div class=\"wp-block-column\">\n<p class=\"has-medium-font-size\"><strong>&gt; <a href=\"https:\/\/museocaraffa.org.ar\/coleccion\/index.php\/la-coleccion\/\" data-type=\"page\" data-id=\"6661\">HISTORIA<\/a><\/strong><\/p>\n\n\n\n<figure class=\"wp-block-image size-full\"><a href=\"https:\/\/museocaraffa.org.ar\/coleccion\/index.php\/la-coleccion\/\"><img loading=\"lazy\" width=\"799\" height=\"600\" src=\"https:\/\/museocaraffa.org.ar\/coleccion\/wp-content\/uploads\/2021\/11\/vista-sala-BN.jpg\" alt=\"\" class=\"wp-image-6938\" srcset=\"https:\/\/museocaraffa.org.ar\/coleccion\/wp-content\/uploads\/2021\/11\/vista-sala-BN.jpg 799w, https:\/\/museocaraffa.org.ar\/coleccion\/wp-content\/uploads\/2021\/11\/vista-sala-BN-300x225.jpg 300w, https:\/\/museocaraffa.org.ar\/coleccion\/wp-content\/uploads\/2021\/11\/vista-sala-BN-768x577.jpg 768w, https:\/\/museocaraffa.org.ar\/coleccion\/wp-content\/uploads\/2021\/11\/vista-sala-BN-500x375.jpg 500w, https:\/\/museocaraffa.org.ar\/coleccion\/wp-content\/uploads\/2021\/11\/vista-sala-BN-400x300.jpg 400w, https:\/\/museocaraffa.org.ar\/coleccion\/wp-content\/uploads\/2021\/11\/vista-sala-BN-200x150.jpg 200w, https:\/\/museocaraffa.org.ar\/coleccion\/wp-content\/uploads\/2021\/11\/vista-sala-BN-750x563.jpg 750w\" sizes=\"(max-width: 799px) 100vw, 799px\" \/><\/a><\/figure>\n\n\n\n<p class=\"has-small-font-size\">Conoc\u00e9 m\u00e1s sobre la historia de la colecci\u00f3n: sus inicios, su crecimiento, su perfil.<\/p>\n<\/div>\n\n\n\n<div class=\"wp-block-column\">\n<p class=\"has-medium-font-size\"><strong>&gt; <a href=\"https:\/\/museocaraffa.org.ar\/coleccion\/index.php\/artistas-new\/\">ARTISTAS<\/a><\/strong><\/p>\n\n\n\n<figure class=\"wp-block-image size-full\"><a href=\"https:\/\/museocaraffa.org.ar\/coleccion\/index.php\/artistas-new\/\"><img loading=\"lazy\" width=\"800\" height=\"600\" src=\"https:\/\/museocaraffa.org.ar\/coleccion\/wp-content\/uploads\/2021\/08\/29.jpg\" alt=\"\" class=\"wp-image-5814\" srcset=\"https:\/\/museocaraffa.org.ar\/coleccion\/wp-content\/uploads\/2021\/08\/29.jpg 800w, https:\/\/museocaraffa.org.ar\/coleccion\/wp-content\/uploads\/2021\/08\/29-300x225.jpg 300w, https:\/\/museocaraffa.org.ar\/coleccion\/wp-content\/uploads\/2021\/08\/29-768x576.jpg 768w, https:\/\/museocaraffa.org.ar\/coleccion\/wp-content\/uploads\/2021\/08\/29-500x375.jpg 500w, https:\/\/museocaraffa.org.ar\/coleccion\/wp-content\/uploads\/2021\/08\/29-400x300.jpg 400w, https:\/\/museocaraffa.org.ar\/coleccion\/wp-content\/uploads\/2021\/08\/29-200x150.jpg 200w, https:\/\/museocaraffa.org.ar\/coleccion\/wp-content\/uploads\/2021\/08\/29-750x563.jpg 750w\" sizes=\"(max-width: 800px) 100vw, 800px\" \/><\/a><\/figure>\n\n\n\n<p class=\"has-small-font-size\">Acced\u00e9 a los artistas y obras que integran la colecci\u00f3n del MEC por una b\u00fasqueda alfab\u00e9tica.<\/p>\n<\/div>\n\n\n\n<div class=\"wp-block-column\">\n<p class=\"has-medium-font-size\"><strong>&gt; <a href=\"https:\/\/museocaraffa.org.ar\/coleccion\/index.php\/archivo-2\/\">CONSULTAS<\/a><\/strong><\/p>\n\n\n\n<figure class=\"wp-block-image size-full\"><a href=\"https:\/\/museocaraffa.org.ar\/coleccion\/index.php\/archivo-2\/\"><img loading=\"lazy\" width=\"800\" height=\"600\" src=\"https:\/\/museocaraffa.org.ar\/coleccion\/wp-content\/uploads\/2021\/08\/enc1.jpg\" alt=\"\" class=\"wp-image-3824\" srcset=\"https:\/\/museocaraffa.org.ar\/coleccion\/wp-content\/uploads\/2021\/08\/enc1.jpg 800w, https:\/\/museocaraffa.org.ar\/coleccion\/wp-content\/uploads\/2021\/08\/enc1-300x225.jpg 300w, https:\/\/museocaraffa.org.ar\/coleccion\/wp-content\/uploads\/2021\/08\/enc1-768x576.jpg 768w, https:\/\/museocaraffa.org.ar\/coleccion\/wp-content\/uploads\/2021\/08\/enc1-400x300.jpg 400w, https:\/\/museocaraffa.org.ar\/coleccion\/wp-content\/uploads\/2021\/08\/enc1-200x150.jpg 200w, https:\/\/museocaraffa.org.ar\/coleccion\/wp-content\/uploads\/2021\/08\/enc1-750x563.jpg 750w\" sizes=\"(max-width: 800px) 100vw, 800px\" \/><\/a><\/figure>\n\n\n\n<p class=\"has-small-font-size\">Ingres\u00e1 a nuestro servicio de consultas para acceder a materiales de archivo.<\/p>\n<\/div>\n<\/div>\n\n\n\n<div class=\"wp-block-columns\">\n<div class=\"wp-block-column\">\n<p class=\"has-medium-font-size\"><strong>&gt; <a href=\"https:\/\/museocaraffa.org.ar\/coleccion\/index.php\/exposiciones\/\">EXPOSICIONES<\/a><\/strong><\/p>\n\n\n\n<figure class=\"wp-block-image size-full\"><a href=\"https:\/\/museocaraffa.org.ar\/coleccion\/index.php\/exposiciones\/\"><img loading=\"lazy\" width=\"800\" height=\"600\" src=\"https:\/\/museocaraffa.org.ar\/coleccion\/wp-content\/uploads\/2023\/05\/inicio_expos_04.jpg\" alt=\"\" class=\"wp-image-12314\" srcset=\"https:\/\/museocaraffa.org.ar\/coleccion\/wp-content\/uploads\/2023\/05\/inicio_expos_04.jpg 800w, https:\/\/museocaraffa.org.ar\/coleccion\/wp-content\/uploads\/2023\/05\/inicio_expos_04-300x225.jpg 300w, https:\/\/museocaraffa.org.ar\/coleccion\/wp-content\/uploads\/2023\/05\/inicio_expos_04-768x576.jpg 768w, https:\/\/museocaraffa.org.ar\/coleccion\/wp-content\/uploads\/2023\/05\/inicio_expos_04-500x375.jpg 500w, https:\/\/museocaraffa.org.ar\/coleccion\/wp-content\/uploads\/2023\/05\/inicio_expos_04-400x300.jpg 400w, https:\/\/museocaraffa.org.ar\/coleccion\/wp-content\/uploads\/2023\/05\/inicio_expos_04-200x150.jpg 200w, https:\/\/museocaraffa.org.ar\/coleccion\/wp-content\/uploads\/2023\/05\/inicio_expos_04-750x563.jpg 750w\" sizes=\"(max-width: 800px) 100vw, 800px\" \/><\/a><\/figure>\n\n\n\n<p class=\"has-small-font-size\">Explor\u00e1 las exposiciones asociadas a la colecci\u00f3n del MEC<\/p>\n<\/div>\n\n\n\n<div class=\"wp-block-column\">\n<p class=\"has-medium-font-size\"><strong>&gt; <a href=\"https:\/\/museocaraffa.org.ar\/coleccion\/index.php\/terminos-clave\/\" data-type=\"page\" data-id=\"13827\">PALABRAS CLAVE<\/a><\/strong><\/p>\n\n\n\n<figure class=\"wp-block-image size-full\"><a href=\"https:\/\/museocaraffa.org.ar\/coleccion\/index.php\/terminos-clave\/\"><img loading=\"lazy\" width=\"800\" height=\"599\" src=\"https:\/\/museocaraffa.org.ar\/coleccion\/wp-content\/uploads\/2024\/07\/pal-clav_inicio03.jpg\" alt=\"\" class=\"wp-image-13873\" srcset=\"https:\/\/museocaraffa.org.ar\/coleccion\/wp-content\/uploads\/2024\/07\/pal-clav_inicio03.jpg 800w, https:\/\/museocaraffa.org.ar\/coleccion\/wp-content\/uploads\/2024\/07\/pal-clav_inicio03-300x225.jpg 300w, https:\/\/museocaraffa.org.ar\/coleccion\/wp-content\/uploads\/2024\/07\/pal-clav_inicio03-768x575.jpg 768w, https:\/\/museocaraffa.org.ar\/coleccion\/wp-content\/uploads\/2024\/07\/pal-clav_inicio03-500x374.jpg 500w, https:\/\/museocaraffa.org.ar\/coleccion\/wp-content\/uploads\/2024\/07\/pal-clav_inicio03-400x300.jpg 400w, https:\/\/museocaraffa.org.ar\/coleccion\/wp-content\/uploads\/2024\/07\/pal-clav_inicio03-200x150.jpg 200w, https:\/\/museocaraffa.org.ar\/coleccion\/wp-content\/uploads\/2024\/07\/pal-clav_inicio03-750x562.jpg 750w\" sizes=\"(max-width: 800px) 100vw, 800px\" \/><\/a><\/figure>\n\n\n\n<p class=\"has-small-font-size\">Explor\u00e1 la colecci\u00f3n a partir de palabras clave<\/p>\n\n\n\n<p class=\"has-small-font-size\"><\/p>\n<\/div>\n\n\n\n<div class=\"wp-block-column\">\n<p class=\"has-medium-font-size\"><\/p>\n\n\n\n<p class=\"has-small-font-size\"><\/p>\n<\/div>\n<\/div>\n\n\n\n<p><\/p>\n","protected":false},"excerpt":{"rendered":"<p>&gt; HISTORIA Conoc\u00e9 m\u00e1s sobre la historia de la colecci\u00f3n: sus inicios, su crecimiento, su perfil. &gt; ARTISTAS Acced\u00e9 a los artistas y obras que integran la colecci\u00f3n del MEC por una b\u00fasqueda alfab\u00e9tica. &gt; CONSULTAS Ingres\u00e1 a nuestro servicio de consultas para acceder a materiales de archivo. &gt; EXPOSICIONES Explor\u00e1 las exposiciones asociadas a [&hellip;]<\/p>\n","protected":false},"author":1,"featured_media":0,"parent":0,"menu_order":0,"comment_status":"closed","ping_status":"closed","template":"","meta":{"_vp_format_video_url":"","_vp_image_focal_point":[],"_starter_page_template":"blank"},"_links":{"self":[{"href":"https:\/\/museocaraffa.org.ar\/coleccion\/index.php\/wp-json\/wp\/v2\/pages\/6467"}],"collection":[{"href":"https:\/\/museocaraffa.org.ar\/coleccion\/index.php\/wp-json\/wp\/v2\/pages"}],"about":[{"href":"https:\/\/museocaraffa.org.ar\/coleccion\/index.php\/wp-json\/wp\/v2\/types\/page"}],"author":[{"embeddable":true,"href":"https:\/\/museocaraffa.org.ar\/coleccion\/index.php\/wp-json\/wp\/v2\/users\/1"}],"replies":[{"embeddable":true,"href":"https:\/\/museocaraffa.org.ar\/coleccion\/index.php\/wp-json\/wp\/v2\/comments?post=6467"}],"version-history":[{"count":28,"href":"https:\/\/museocaraffa.org.ar\/coleccion\/index.php\/wp-json\/wp\/v2\/pages\/6467\/revisions"}],"predecessor-version":[{"id":13885,"href":"https:\/\/museocaraffa.org.ar\/coleccion\/index.php\/wp-json\/wp\/v2\/pages\/6467\/revisions\/13885"}],"wp:attachment":[{"href":"https:\/\/museocaraffa.org.ar\/coleccion\/index.php\/wp-json\/wp\/v2\/media?parent=6467"}],"curies":[{"name":"wp","href":"https:\/\/api.w.org\/{rel}","templated":true}]}}